{"id":326,"date":"2025-11-10T10:39:00","date_gmt":"2025-11-10T13:39:00","guid":{"rendered":"https:\/\/dev.indexvirtual.com\/mlarempreendimentos\/?page_id=3"},"modified":"2025-11-10T10:39:00","modified_gmt":"2025-11-10T13:39:00","slug":"politica-de-privacidade","status":"publish","type":"page","link":"https:\/\/www.mlarempreendimentos.com.br\/sp\/politica-de-privacidade\/","title":{"rendered":"Pol\u00edtica de privacidade"},"content":{"rendered":"<p><strong>Objetivo<\/strong><\/p>\n<p>Esta Pol\u00edtica de Privacidade tem por finalidade informar aos titulares de dados pessoais as diretivas de coleta, tratamento, armazenamento e prote\u00e7\u00e3o das informa\u00e7\u00f5es de documentos f\u00edsicos e digitais coletados pela M.LAR EMPREENDIMENTOS ou em seu nome, ou inseridos por seus titulares (externos e internos) em suas plataformas digitais e f\u00edsicas. Al\u00e9m disso, visa esclarecer como esses dados ser\u00e3o tratados, bem como, os direitos dos seus titulares e as formas de exerc\u00ea-lo.<\/p>\n<p><strong>Sobre os dados coletados<\/strong><\/p>\n<p>A M.LAR Empreendimentos esclarece que os dados pessoais coletados ser\u00e3o tratados apenas quando houver prop\u00f3sito e objetivo regulares, sob consentimento do titular ou sob previs\u00e3o legal, nas hip\u00f3teses previstas na legisla\u00e7\u00e3o vigente, inclusive quando ecess\u00e1rio para atender aos interesses leg\u00edtimos da companhia, desde que, n\u00e3o conflitantes com os direitos e liberdades fundamentais do titular que exijam a prote\u00e7\u00e3o de seus dados pessoais.<\/p>\n<p><strong>2.1.<\/strong> Coleta de Dados Pessoais<\/p>\n<p>Os Dados, incluindo Dados Pessoais, contato telef\u00f4nico, visita \u00e0 nossa sede, eventos promovidos pela M.Lar, feir\u00f5es de im\u00f3veis, dentre outros, podem ser coletados quando o titular visita nossos stands, comunica-se com nossas plataformas, aplicativos, sites, coletados a partir de bases p\u00fablicas, disponibilizadas por autoridades (como a Receita Federal, por exemplo), institui\u00e7\u00f5es de cr\u00e9ditos ou de prote\u00e7\u00e3o ao cr\u00e9dito.<\/p>\n<p><strong>2.2.<\/strong> Tipos de Dados Pessoais Coletados:<\/p>\n<p><strong>(i)<\/strong> Dados coletados para atender solicita\u00e7\u00f5es dos usu\u00e1rios, para enriquecer a experi\u00eancia e promover produtos e servi\u00e7os:<br \/>\nNome Completo, CPF, E-mail e Telefone;<\/p>\n<p><strong>(ii)<\/strong> Dados coletados somente para obriga\u00e7\u00f5es contratuais (al\u00e9m dos solicitados no item i):<br \/>\nG\u00eanero, Estado Civil, Local de Nascimento, RG, CPF, CNH, Nacionalidade, Dados Profissionais, Endere\u00e7os, Nome da M\u00e3e, Informa\u00e7\u00f5es de C\u00f4njuge e Dependentes, Escolaridade, Informa\u00e7\u00f5es de Renda e Dados Banc\u00e1rios.<\/p>\n<p><strong>(iii)<\/strong> Dados coletados para identificar e proteger os visitantes digitais, cumprir obriga\u00e7\u00f5es legais e prevenir fraudes e qualquer outro risco associado:<br \/>\nEndere\u00e7o IP, Porta L\u00f3gica de Origem, Dispositivo e Vers\u00e3o, Geolocaliza\u00e7\u00e3o, Registros de data e hor\u00e1rio de a\u00e7\u00f5es, Telas acessadas, ID da Sess\u00e3o e Cookies;<\/p>\n<p><strong>(iv)<\/strong> Dados coletados para identificar e atender as obriga\u00e7\u00f5es legais de colaboradores e dependentes:<br \/>\nNome Completo, CPF, E-mail, Telefone, RG, CNH, Endere\u00e7os, Local de Nascimento, Nacionalidade, Filia\u00e7\u00e3o, Estados Civil, Informa\u00e7\u00f5es sobre C\u00f4njuges<br \/>\ne Dependentes, Escolaridade, Cargo, Renda, Dados Banc\u00e1rios, Assinatura, PIS, CTPS, Certificado de Reservista, Passaporte, Contato de Emerg\u00eancia, ASO,<br \/>\nFilia\u00e7\u00e3o Sindical, Dados de Sa\u00fade, Ra\u00e7a, FGTS e Experi\u00eancias Profissionais Anteriores.<\/p>\n<p><strong>2.3.<\/strong> Dados necess\u00e1rios: Muitos de nossos servi\u00e7os dependem diretamente de alguns Dados informados acima, principalmente Dados cadastrais. Caso o titular opte por n\u00e3o fornecer alguns desses Dados, podemos ficar impossibilitados de prestar total ou parcialmente nossos servi\u00e7os.<\/p>\n<p><strong>2.4.<\/strong> Atualiza\u00e7\u00e3o e Veracidade dos Dados: o titular \u00e9 o \u00fanico respons\u00e1vel pela precis\u00e3o, veracidade ou falta dela em rela\u00e7\u00e3o aos Dados que fornece ou pela sua desatualiza\u00e7\u00e3o. Fique atento, pois \u00e9 de sua responsabilidade garantir a exatid\u00e3o ou mant\u00ea-los atualizados.<\/p>\n<p><strong>2.4.1.<\/strong> Da mesma forma, n\u00f3s n\u00e3o somos obrigados a processar ou tratar quaisquer Dados se houver raz\u00f5es para crer que tal processamento ou tratamento possa nos imputar qualquer infra\u00e7\u00e3o de qualquer lei aplic\u00e1vel, ou se o titular estiver utilizando a Plataforma para quaisquer fins ilegais, il\u00edcitos ou contr\u00e1rios \u00e0 moralidade.<\/p>\n<p><strong>2.5.<\/strong> Base de Dados: A base de dados formada por meio da coleta de Dados \u00e9 de nossa propriedade e est\u00e1 sob nossa responsabilidade, sendo que seu uso, acesso e compartilhamento, quando necess\u00e1rios, ser\u00e3o feitos dentro dos limites e prop\u00f3sitos dos neg\u00f3cios descritos nesta Pol\u00edtica.<\/p>\n<p><strong>2.6.<\/strong> Tecnologias empregadas: N\u00f3s utilizamos a(s) seguinte(s) tecnologia(s):<\/p>\n<p><strong>(i)<\/strong> Cookies<\/p>\n<p><strong>2.6.1.<\/strong> Todas as tecnologias utilizadas respeitar\u00e3o sempre a legisla\u00e7\u00e3o vigente e os termos desta Pol\u00edtica.<\/p>\n<p><strong>2.6.2.<\/strong> Eventualmente, informa\u00e7\u00f5es que coletamos atrav\u00e9s de cookies podem ser compartilhadas estritamente com parceiros com os quais guardamos rela\u00e7\u00e3o<br \/>\ncontratual, incluindo, mas n\u00e3o se limitando a ag\u00eancias que nos assessoram em publicidade.<\/p>\n<p><strong>2.6.3.<\/strong> Al\u00e9m dos cookies, nosso site faz uso de ferramentas de outras empresas visando \u00e0 an\u00e1lise estat\u00edstica de nossa publicidade. Para tal fim, utilizamos os seguintes cookies de terceiros: Google Analytics e Facebook Pixel. Ao aceitar o uso de cookies em nosso site, voc\u00ea concorda com o tratamento dos dados especificados neste t\u00f3pico.<\/p>\n<p><strong>2.7.<\/strong> Como os cookies s\u00e3o utilizados<\/p>\n<p><strong>2.7.1.<\/strong> A M.LAR Empreendimentos poder\u00e1 utilizar os cookies quando o usu\u00e1rio tiver acesso aos portais de internet de sua propriedade e de empresas que fa\u00e7am parte de seu grupo empresarial.<\/p>\n<p><strong>2.7.2.<\/strong> Os cookies associam-se unicamente ao navegador de um determinado computador, n\u00e3o proporcionando refer\u00eancias que permitam deduzir o nome e sobrenomes do usu\u00e1rio.<\/p>\n<p><strong>2.7.3.<\/strong> Em raz\u00e3o dos cookies, \u00e9 poss\u00edvel que a companhia reconhe\u00e7a os usu\u00e1rios que tenham se registrado em utiliza\u00e7\u00e3o anterior das p\u00e1ginas, dessa forma, n\u00e3o \u00e9 necess\u00e1rio um novo registro a cada nova visita.<\/p>\n<p><strong>2.7.4.<\/strong> Os cookies utilizados nos sites e p\u00e1ginas da web dos portais de internet da companhia podem ser instalados pela pr\u00f3pria empresa, s\u00e3o originados por seus distintos servidores ou a partir dos servidores de terceiros que prestam servi\u00e7os e instalam esses arquivos (cookies) em seu nome.<\/p>\n<p><strong>2.7.5.<\/strong> Para utilizar os portais de internet da companhia n\u00e3o \u00e9 necess\u00e1rio que o usu\u00e1rio permita a recep\u00e7\u00e3o de cookies enviados pela empresa, sem preju\u00edzo de que, em tal caso, ser\u00e1 necess\u00e1rio que o usu\u00e1rio se registre a cada vez que acessar um servi\u00e7o que requeira registro pr\u00e9vio.<\/p>\n<p><strong>2.7.6.<\/strong> Sempre que a op\u00e7\u00e3o que impe\u00e7a a instala\u00e7\u00e3o de cookies n\u00e3o tenha sido ativada, o usu\u00e1rio poder\u00e1 pesquisar o disco r\u00edgido de seu computador conforme as instru\u00e7\u00f5es do pr\u00f3prio navegador.<\/p>\n<p>As informa\u00e7\u00f5es pertinentes a este tipo de configura\u00e7\u00e3o est\u00e3o dispon\u00edveis em instru\u00e7\u00f5es e manuais do pr\u00f3prio navegador, conforme exemplos abaixo:<\/p>\n<ul>\n<li>Internet Explorer: https:\/\/support.microsoft.com\/pt-br\/help\/17442\/windows-internet-explorerdelete-manage-cookies<\/li>\n<li>Mozilla Firefox: https:\/\/support.mozilla.org\/pt-BR\/kb\/ative-e-desative-os-cookies-que-os-sitesusam<\/li>\n<li>Chrome: https:\/\/support.google.com\/accounts\/answer\/61416?co=GENIE.Platform%3DDesktop&amp; hl=pt-BR<\/li>\n<li>Safari: https:\/\/support.apple.com\/pt-br\/guide\/safari\/sfri11471\/mac<\/li>\n<li>Importante: N\u00e3o haver\u00e1 garantia do correto funcionamento dos portais de internet de propriedade da M.LAR Empreendimentos e de empresas de seu grupo empresarial, caso os cookies estritamente necess\u00e1rios sejam negados.<\/li>\n<\/ul>\n<p><strong>Direitos do Titular de Dados Pessoais<\/strong><\/p>\n<p><strong>3.1.<\/strong> Aos titulares \u00e9 assegurada a titularidade de seus dados pessoais e garantidos os<br \/>\ndireitos fundamentais de liberdade, de intimidade e de privacidade, existentes em cadastros f\u00edsicos e eletr\u00f4nicos, fichas, registros e demais informa\u00e7\u00f5es e documentos inerentes e que encontram-se arquivados e sob a responsabilidade direta da M.LAR Empreendimentos ou de seus prestadores de servi\u00e7os devidamente contratados para esta finalidade, bem como, sobre suas respectivas fontes, sendo certo que, determinados servi\u00e7os prestados nos sites poder\u00e3o conter condi\u00e7\u00f5es particulares espec\u00edficas em rela\u00e7\u00e3o \u00e0 prote\u00e7\u00e3o de dados.<\/p>\n<p><strong>3.2.<\/strong> Nenhuma empresa terceira, salvo mediante autoriza\u00e7\u00e3o expressa da M.LAR Empreendimentos, est\u00e1 autorizada a obter, tratar ou armazenar dados pessoais de terceiros.<\/p>\n<p><strong>3.3.<\/strong> Conforme legisla\u00e7\u00e3o em vigor o titular poder\u00e1 solicitar ao nosso Encarregado de Dados Pessoais\/DPO a confirma\u00e7\u00e3o da exist\u00eancia do tratamento de Dados Pessoais, al\u00e9m da exibi\u00e7\u00e3o ou retifica\u00e7\u00e3o de seus Dados Pessoais, por meio dos nossos Canais de Atendimento.<\/p>\n<p><strong>3.3.1.<\/strong> S\u00e3o direitos do titular especificamente em rela\u00e7\u00e3o aos seus dados pessoais:<\/p>\n<p><strong>(i)<\/strong> Confirma\u00e7\u00e3o da exist\u00eancia de tratamento de seus dados pessoais;<br \/>\n<strong>(ii)<\/strong> Acesso a seus dados pessoais;<br \/>\n<strong>(iii)<\/strong> Corre\u00e7\u00e3o de seus dados pessoais incompletos, inexatos ou desatualizados;<br \/>\n<strong>(iv)<\/strong> Anonimiza\u00e7\u00e3o, bloqueio ou elimina\u00e7\u00e3o de seus dados pessoais desnecess\u00e1rios, excessivos ou tratados em desconformidade com a legisla\u00e7\u00e3o vigente;<br \/>\n<strong>(v) <\/strong>Portabilidade de seus dados pessoais a outro fornecedor de servi\u00e7o ou produto, mediante requisi\u00e7\u00e3o expressa, de acordo com a regulamenta\u00e7\u00e3o da autoridade nacional, observados os segredos comercial e industrial;<br \/>\n<strong>(vi)<\/strong> Elimina\u00e7\u00e3o de seus dados pessoais tratados com seu consentimento, salvo exce\u00e7\u00f5es legais;<br \/>\n<strong>(vii)<\/strong> Informa\u00e7\u00e3o de entidades p\u00fablicas e privadas com as quais a M.LAR Empreendimentos realizou uso compartilhado de seus dados pessoais;<br \/>\n<strong>(viii)<\/strong> Informa\u00e7\u00e3o sobre a possibilidade do n\u00e3o fornecimento de consentimento e suas consequ\u00eancias relacionadas a negativa; e<br \/>\n<strong>(ix)<\/strong> Revoga\u00e7\u00e3o do consentimento para o tratamento de seus dados pessoais, nos termos da legisla\u00e7\u00e3o em vigor.<\/p>\n<p><strong>3.3.2.<\/strong> Se o titular retirar seu consentimento para finalidades fundamentais ao regular funcionamento das Plataformas e servi\u00e7os, tais ambientes e servi\u00e7os poder\u00e3o ficar indispon\u00edveis.<\/p>\n<p><strong>3.3.3.<\/strong> Caso o titular solicite a exclus\u00e3o de seus Dados Pessoais, mas ainda exista alguma finalidade vigente para o dado, pode ocorrer que os Dados precisem ser mantidos por per\u00edodo superior ao pedido de exclus\u00e3o.<\/p>\n<p><strong>Canal de Contato com o Encarregado \u2013 DPO<\/strong><\/p>\n<p><strong>4.1.<\/strong> Para assegurar que o titular possa exercer esses direitos relativos aos seus dados pessoais, a M.LAR Empreendimentos conta com \u00e1rea de Governan\u00e7a de Dados Pessoais, acess\u00edvel \u00fanica e exclusivamente pelo seguinte canal direto de atendimento:<br \/>\nE-mail para contato: faleconosco@mlarempreendimentos.com.br<\/p>\n<p><strong>4.2.<\/strong> O Titular poder\u00e1 formalizar requisi\u00e7\u00e3o, a qualquer momento, direcionada ao canal acima e\/ou outros eventualmente disponibilizados para essa finalidade e devidamente comunicados. A M.LAR Empreendimentos tratar\u00e1 seu pedido e providenciar\u00e1 sua solicita\u00e7\u00e3o com brevidade.<\/p>\n<p><strong>Prote\u00e7\u00e3o dos Dados Pessoais<\/strong><\/p>\n<p><strong>5.1.<\/strong> A M.LAR Empreendimentos adotar\u00e1 todas as medidas de seguran\u00e7a adequadas e usualmente praticadas pelo mercado, visando \u00e0 prote\u00e7\u00e3o dos dados pessoais contra acesso, altera\u00e7\u00e3o, divulga\u00e7\u00e3o ou destrui\u00e7\u00e3o n\u00e3o autorizada.<\/p>\n<p><strong>5.2.<\/strong> Essas medidas incluem an\u00e1lises internas, pr\u00e1ticas de coleta, armazenamento, processamento de dados e medidas de seguran\u00e7a, incluindo, criptografia e medidas de seguran\u00e7a f\u00edsicas apropriadas para proteger contra o acesso n\u00e3o autorizado a sistemas em que s\u00e3o armazenados os dados pessoais.<\/p>\n<p><strong>5.3.<\/strong> O titular \u00e9 o \u00fanico e exclusivo respons\u00e1vel por toda e qualquer senha que lhe seja exigida nos sistemas eletr\u00f4nicos disponibilizados pela M.LAR Empreendimentos, sendo sua senha de car\u00e1ter pessoal e intransfer\u00edvel, devendo zelar pelo seu uso e adotar todas as medidas de seguran\u00e7a razo\u00e1veis quando for acessar os sistemas eletr\u00f4nicos disponibilizados pela companhia.<\/p>\n<p><strong>5.4.<\/strong> A companhia se compromete a comunicar prontamente ao titular e \u00e0 ANPD (Autoridade Nacional de Prote\u00e7\u00e3o de Dados) a ocorr\u00eancia de quaisquer incidentes de seguran\u00e7a que possam lhe acarretar quaisquer riscos ou danos relevantes.<\/p>\n<p><strong>5.5.<\/strong> N\u00e3o obstante, o titular deve estar ciente de que as medidas de seguran\u00e7a relativas \u00e0 rede mundial de computadores, a internet, n\u00e3o s\u00e3o integralmente seguras, estando sujeitas a a\u00e7\u00f5es de terceiros mal-intencionados e, desta forma, o titular ao acessar \u00e0s plataformas digitais da companhia deve se certificar de ter instalado em seus equipamentos de acesso dispositivos de seguran\u00e7a, tais como, mas n\u00e3o se limitando a firewall e antiv\u00edrus.<\/p>\n<p><strong>5.6.<\/strong> A M.LAR Empreendimentos n\u00e3o solicita senhas dos titulares, tampouco altera\u00e7\u00f5es e\/ou atualiza\u00e7\u00e3o de cadastros, salvo por meio de seus canais pr\u00f3prios e oficiais de comunica\u00e7\u00e3o, n\u00e3o estando quaisquer terceiros autorizados para tal fim.<\/p>\n<p><strong>5.7.<\/strong> Caso empresas terceirizadas realizem o Tratamento em nosso nome de quaisquer Dados Pessoais que coletamos, as mesmas respeitar\u00e3o as condi\u00e7\u00f5es aqui estipuladas e as normas de seguran\u00e7a da informa\u00e7\u00e3o, obrigatoriamente.<\/p>\n<p><strong>Compartilhamento de Dados Pessoais<\/strong><\/p>\n<p><strong>6.1.<\/strong> Os Dados coletados e as atividades registradas podem ser compartilhados:<\/p>\n<p><strong>(i)<\/strong> Com autoridades judiciais, administrativas ou governamentais competentes, sempre que houver determina\u00e7\u00e3o legal, requerimento, requisi\u00e7\u00e3o ou ordem<br \/>\njudicial;<br \/>\n<strong>(ii)<\/strong> Com institui\u00e7\u00f5es respons\u00e1veis por cobrar o cr\u00e9dito decorrente da aquisi\u00e7\u00e3o da(s) unidade(s) imobili\u00e1ria(s) que o titular adquiriu;<br \/>\n<strong>(iii)<\/strong> Com o corretor de im\u00f3veis, correspondentes banc\u00e1rios, imobili\u00e1rias, quando a compra for intermediada;<br \/>\n<strong>(iv)<\/strong> Institui\u00e7\u00f5es financeiras de financiamento de im\u00f3vel;<br \/>\n<strong>(v)<\/strong> Com a administradora do condom\u00ednio, que prestar\u00e1 os servi\u00e7os de gest\u00e3o e administra\u00e7\u00e3o do empreendimento; e<br \/>\n<strong>(vi)<\/strong> De forma autom\u00e1tica, em caso de movimenta\u00e7\u00f5es societ\u00e1rias, como fus\u00e3o, aquisi\u00e7\u00e3o e incorpora\u00e7\u00e3o.<br \/>\n<strong>(vii)<\/strong> Securitiza\u00e7\u00e3o de receb\u00edveis<\/p>\n<p><strong>6.2.<\/strong> A M.LAR Empreendimentos poder\u00e1 compartilhar os dados pessoais do titular com outras sociedades do mesmo grupo, controladoras ou controladas, direta ou indiretamente, por suas subsidi\u00e1rias e coligadas, sempre com respeito \u00e0s finalidades que foram indicadas na presente Pol\u00edtica e na legisla\u00e7\u00e3o vigente.<\/p>\n<p><strong>6.3.<\/strong> Adicionalmente, a M.LAR Empreendimentos compartilhar\u00e1 dados com empresas parceiras e fornecedores devidamente contratadas e autorizadas para esta finalidade (Operadores), no que diz respeito ao desenvolvimento, presta\u00e7\u00e3o de servi\u00e7os e venda de produtos disponibilizados ao titular, considerando as salvaguardas contratuais para garantia da seguran\u00e7a dos dados pessoais e direitos do titular, permitindo-se apenas o processamento de dados pessoais para fins espec\u00edficos e de acordo com instru\u00e7\u00f5es do Controlador.<\/p>\n<p><strong>6.4.<\/strong> A M.LAR Empreendimentos N\u00c3O compartilha Dados Pessoais com fabricantes de m\u00f3veis, fornecedores de eletrodom\u00e9sticos, outras incorporadoras. Caso o titular receba contato de terceiros n\u00e3o identificados, por favor, entre em contato conosco atrav\u00e9s dos Canais de Atendimento dispon\u00edveis nesta Pol\u00edtica e iremos auxili\u00e1-los na apura\u00e7\u00e3o do ocorrido.<\/p>\n<p><strong>Como armazenamos seus dados pessoais e o registro de atividades<\/strong><\/p>\n<p><strong>7.1.<\/strong> Os seus dados pessoais ser\u00e3o eliminados pela M.LAR Empreendimentos, quando expirar a sua finalidade e n\u00e3o forem mais necess\u00e1rios para cumprir qualquer obriga\u00e7\u00e3o legal ou quando o Usu\u00e1rio solicitar o seu descarte, exceto se a manuten\u00e7\u00e3o do dado for expressamente autorizada por lei.<\/p>\n<p><strong>7.2.<\/strong> As informa\u00e7\u00f5es poder\u00e3o ser conservadas para cumprimento de obriga\u00e7\u00e3o legal ou regulat\u00f3ria, transfer\u00eancia \u00e0 terceiro sempre respeitando os requisitos de tratamento de dados.<\/p>\n<p><strong>7.3.<\/strong> Para fins de auditoria, seguran\u00e7a, controle de fraudes, prote\u00e7\u00e3o ao cr\u00e9dito e preserva\u00e7\u00e3o de direitos, poderemos permanecer com o hist\u00f3rico de registro de seus Dados por prazo maior nas hip\u00f3teses que a lei ou norma regulat\u00f3ria assim estabelecer ou para preserva\u00e7\u00e3o de direitos, inclusive as determinadas pela Associa\u00e7\u00e3o Brasileira de Normas T\u00e9cnicas (ABNT).<\/p>\n<p><strong>7.4.<\/strong> Os Dados coletados ser\u00e3o armazenados em nossos servidores localizados no Brasil, bem como em ambiente de uso de recursos ou servidores na nuvem (cloud computing).<\/p>\n<p><strong>Altera\u00e7\u00e3o desta Pol\u00edtica<\/strong><\/p>\n<p><strong>8.1.<\/strong> O Titular reconhece direito da M.LAR Empreendimentos de alterar o teor desta Pol\u00edtica a qualquer momento, conforme a finalidade ou necessidade, tal qual para adequa\u00e7\u00e3o e conformidade legal de disposi\u00e7\u00e3o de lei ou norma que tenha for\u00e7a jur\u00eddica equivalente, cabendo ao titular verific\u00e1-la sempre que efetuar o acesso \u00e0 Plataforma ou utilizar nossos servi\u00e7os.<\/p>\n<p><strong>8.2.<\/strong> Ocorrendo atualiza\u00e7\u00f5es neste documento e que demandem nova coleta de consentimento, o titular ser\u00e1 notificado por meio dos canais de contatos informado.<\/p>\n<p><strong>Disposi\u00e7\u00f5es Gerais<\/strong><\/p>\n<p><strong>9.1.<\/strong> O titular reconhece que toda comunica\u00e7\u00e3o realizada por contato telef\u00f4nico, e-mail (aos endere\u00e7os informados no seu cadastro), SMS, aplicativos de comunica\u00e7\u00e3o instant\u00e2nea ou qualquer outra forma digital, tamb\u00e9m s\u00e3o v\u00e1lidas, eficazes e suficiente para a divulga\u00e7\u00e3o de qualquer assunto que se refira aos servi\u00e7os que prestamos, aos seus Dados, bem como \u00e0s condi\u00e7\u00f5es de sua presta\u00e7\u00e3o ou a qualquer outro assunto nele abordado.<\/p>\n<p><strong>9.1.1.<\/strong> Para otimizar e melhorar a comunica\u00e7\u00e3o, quando enviarmos um e-mail para o titular podemos receber uma notifica\u00e7\u00e3o de leitura, desde que esta possibilidade esteja dispon\u00edvel.<\/p>\n<p><strong>9.2.<\/strong> O titular garante que os dados pessoais fornecidos \u00e0 M.LAR Empreendimentos s\u00e3o verdadeiros e leg\u00edtimos, ausente de quaisquer v\u00edcios de consentimento, bem como, se compromete desde j\u00e1, em comunicar imediatamente \u00e0 companhia sobre qualquer altera\u00e7\u00e3o.<\/p>\n<p><strong>9.3.<\/strong> Em caso de qualquer d\u00favida com rela\u00e7\u00e3o \u00e0s disposi\u00e7\u00f5es constantes desta Pol\u00edtica de Privacidade, o titular poder\u00e1 entrar em contato por meio dos canais de atendimento apontados a seguir:<\/p>\n<p>Portal de Relacionamento para Clientes: mlarempreendimentos.com.br<br \/>\nE-mail do Encarregado da Prote\u00e7\u00e3o de Dados Pessoais \/ DPO:<br \/>\nfaleconosco@mlarempreendimentos.com.br<\/p>\n<p><strong>9.4.<\/strong> Essa Pol\u00edtica ser\u00e1 interpretada segundo a legisla\u00e7\u00e3o brasileira, no idioma portugu\u00eas, sendo eleito o foro de Fortaleza\/CE para dirimir qualquer controv\u00e9rsia que envolva este documento, salvo ressalva espec\u00edfica de compet\u00eancia pessoal, territorial ou funcional pela legisla\u00e7\u00e3o aplic\u00e1vel.<\/p>\n","protected":false},"excerpt":{"rendered":"<p>Objetivo Esta Pol\u00edtica de Privacidade tem por finalidade informar aos titulares de dados pessoais as diretivas de coleta, tratamento, armazenamento e prote\u00e7\u00e3o das informa\u00e7\u00f5es de documentos f\u00edsicos e digitais coletados pela M.LAR EMPREENDIMENTOS ou em seu nome, ou inseridos por seus titulares (externos e internos) em suas plataformas digitais e f\u00edsicas. Al\u00e9m disso, visa esclarecer [&hellip;]<\/p>\n","protected":false},"author":1,"featured_media":0,"parent":0,"menu_order":0,"comment_status":"closed","ping_status":"open","template":"page-content.php","meta":{"footnotes":""},"class_list":["post-326","page","type-page","status-publish","hentry"],"yoast_head":"<!-- This site is optimized with the Yoast SEO plugin v26.5 - https:\/\/yoast.com\/wordpress\/plugins\/seo\/ -->\n<title>Pol\u00edtica de privacidade - MLAR S\u00e3o Paulo<\/title>\n<meta name=\"robots\" content=\"index, follow, max-snippet:-1, max-image-preview:large, max-video-preview:-1\" \/>\n<link rel=\"canonical\" href=\"https:\/\/www.mlarempreendimentos.com.br\/sp\/politica-de-privacidade\/\" \/>\n<meta property=\"og:locale\" content=\"pt_BR\" \/>\n<meta property=\"og:type\" content=\"article\" \/>\n<meta property=\"og:title\" content=\"Pol\u00edtica de privacidade - MLAR S\u00e3o Paulo\" \/>\n<meta property=\"og:description\" content=\"Objetivo Esta Pol\u00edtica de Privacidade tem por finalidade informar aos titulares de dados pessoais as diretivas de coleta, tratamento, armazenamento e prote\u00e7\u00e3o das informa\u00e7\u00f5es de documentos f\u00edsicos e digitais coletados pela M.LAR EMPREENDIMENTOS ou em seu nome, ou inseridos por seus titulares (externos e internos) em suas plataformas digitais e f\u00edsicas. Al\u00e9m disso, visa esclarecer [&hellip;]\" \/>\n<meta property=\"og:url\" content=\"https:\/\/www.mlarempreendimentos.com.br\/sp\/politica-de-privacidade\/\" \/>\n<meta property=\"og:site_name\" content=\"MLAR S\u00e3o Paulo\" \/>\n<meta name=\"twitter:card\" content=\"summary_large_image\" \/>\n<meta name=\"twitter:label1\" content=\"Est. tempo de leitura\" \/>\n\t<meta name=\"twitter:data1\" content=\"14 minutos\" \/>\n<script type=\"application\/ld+json\" class=\"yoast-schema-graph\">{\"@context\":\"https:\/\/schema.org\",\"@graph\":[{\"@type\":\"WebPage\",\"@id\":\"https:\/\/www.mlarempreendimentos.com.br\/sp\/politica-de-privacidade\/\",\"url\":\"https:\/\/www.mlarempreendimentos.com.br\/sp\/politica-de-privacidade\/\",\"name\":\"Pol\u00edtica de privacidade - MLAR S\u00e3o Paulo\",\"isPartOf\":{\"@id\":\"https:\/\/www.mlarempreendimentos.com.br\/sp\/#website\"},\"datePublished\":\"2025-11-10T13:39:00+00:00\",\"breadcrumb\":{\"@id\":\"https:\/\/www.mlarempreendimentos.com.br\/sp\/politica-de-privacidade\/#breadcrumb\"},\"inLanguage\":\"pt-BR\",\"potentialAction\":[{\"@type\":\"ReadAction\",\"target\":[\"https:\/\/www.mlarempreendimentos.com.br\/sp\/politica-de-privacidade\/\"]}]},{\"@type\":\"BreadcrumbList\",\"@id\":\"https:\/\/www.mlarempreendimentos.com.br\/sp\/politica-de-privacidade\/#breadcrumb\",\"itemListElement\":[{\"@type\":\"ListItem\",\"position\":1,\"name\":\"In\u00edcio\",\"item\":\"https:\/\/www.mlarempreendimentos.com.br\/sp\/\"},{\"@type\":\"ListItem\",\"position\":2,\"name\":\"Pol\u00edtica de privacidade\"}]},{\"@type\":\"WebSite\",\"@id\":\"https:\/\/www.mlarempreendimentos.com.br\/sp\/#website\",\"url\":\"https:\/\/www.mlarempreendimentos.com.br\/sp\/\",\"name\":\"MLAR Empreendimentos S\u00e3o Paulo\",\"description\":\"\",\"publisher\":{\"@id\":\"https:\/\/www.mlarempreendimentos.com.br\/sp\/#organization\"},\"potentialAction\":[{\"@type\":\"SearchAction\",\"target\":{\"@type\":\"EntryPoint\",\"urlTemplate\":\"https:\/\/www.mlarempreendimentos.com.br\/sp\/?s={search_term_string}\"},\"query-input\":{\"@type\":\"PropertyValueSpecification\",\"valueRequired\":true,\"valueName\":\"search_term_string\"}}],\"inLanguage\":\"pt-BR\"},{\"@type\":\"Organization\",\"@id\":\"https:\/\/www.mlarempreendimentos.com.br\/sp\/#organization\",\"name\":\"MLAR Empreendimentos\",\"url\":\"https:\/\/www.mlarempreendimentos.com.br\/sp\/\",\"logo\":{\"@type\":\"ImageObject\",\"inLanguage\":\"pt-BR\",\"@id\":\"https:\/\/www.mlarempreendimentos.com.br\/sp\/#\/schema\/logo\/image\/\",\"url\":\"https:\/\/www.mlarempreendimentos.com.br\/sp\/wp-content\/uploads\/sites\/2\/2026\/01\/mlar.jpg\",\"contentUrl\":\"https:\/\/www.mlarempreendimentos.com.br\/sp\/wp-content\/uploads\/sites\/2\/2026\/01\/mlar.jpg\",\"width\":1200,\"height\":630,\"caption\":\"MLAR Empreendimentos\"},\"image\":{\"@id\":\"https:\/\/www.mlarempreendimentos.com.br\/sp\/#\/schema\/logo\/image\/\"}}]}<\/script>\n<!-- \/ Yoast SEO plugin. -->","yoast_head_json":{"title":"Pol\u00edtica de privacidade - MLAR S\u00e3o Paulo","robots":{"index":"index","follow":"follow","max-snippet":"max-snippet:-1","max-image-preview":"max-image-preview:large","max-video-preview":"max-video-preview:-1"},"canonical":"https:\/\/www.mlarempreendimentos.com.br\/sp\/politica-de-privacidade\/","og_locale":"pt_BR","og_type":"article","og_title":"Pol\u00edtica de privacidade - MLAR S\u00e3o Paulo","og_description":"Objetivo Esta Pol\u00edtica de Privacidade tem por finalidade informar aos titulares de dados pessoais as diretivas de coleta, tratamento, armazenamento e prote\u00e7\u00e3o das informa\u00e7\u00f5es de documentos f\u00edsicos e digitais coletados pela M.LAR EMPREENDIMENTOS ou em seu nome, ou inseridos por seus titulares (externos e internos) em suas plataformas digitais e f\u00edsicas. Al\u00e9m disso, visa esclarecer [&hellip;]","og_url":"https:\/\/www.mlarempreendimentos.com.br\/sp\/politica-de-privacidade\/","og_site_name":"MLAR S\u00e3o Paulo","twitter_card":"summary_large_image","twitter_misc":{"Est. tempo de leitura":"14 minutos"},"schema":{"@context":"https:\/\/schema.org","@graph":[{"@type":"WebPage","@id":"https:\/\/www.mlarempreendimentos.com.br\/sp\/politica-de-privacidade\/","url":"https:\/\/www.mlarempreendimentos.com.br\/sp\/politica-de-privacidade\/","name":"Pol\u00edtica de privacidade - MLAR S\u00e3o Paulo","isPartOf":{"@id":"https:\/\/www.mlarempreendimentos.com.br\/sp\/#website"},"datePublished":"2025-11-10T13:39:00+00:00","breadcrumb":{"@id":"https:\/\/www.mlarempreendimentos.com.br\/sp\/politica-de-privacidade\/#breadcrumb"},"inLanguage":"pt-BR","potentialAction":[{"@type":"ReadAction","target":["https:\/\/www.mlarempreendimentos.com.br\/sp\/politica-de-privacidade\/"]}]},{"@type":"BreadcrumbList","@id":"https:\/\/www.mlarempreendimentos.com.br\/sp\/politica-de-privacidade\/#breadcrumb","itemListElement":[{"@type":"ListItem","position":1,"name":"In\u00edcio","item":"https:\/\/www.mlarempreendimentos.com.br\/sp\/"},{"@type":"ListItem","position":2,"name":"Pol\u00edtica de privacidade"}]},{"@type":"WebSite","@id":"https:\/\/www.mlarempreendimentos.com.br\/sp\/#website","url":"https:\/\/www.mlarempreendimentos.com.br\/sp\/","name":"MLAR Empreendimentos S\u00e3o Paulo","description":"","publisher":{"@id":"https:\/\/www.mlarempreendimentos.com.br\/sp\/#organization"},"potentialAction":[{"@type":"SearchAction","target":{"@type":"EntryPoint","urlTemplate":"https:\/\/www.mlarempreendimentos.com.br\/sp\/?s={search_term_string}"},"query-input":{"@type":"PropertyValueSpecification","valueRequired":true,"valueName":"search_term_string"}}],"inLanguage":"pt-BR"},{"@type":"Organization","@id":"https:\/\/www.mlarempreendimentos.com.br\/sp\/#organization","name":"MLAR Empreendimentos","url":"https:\/\/www.mlarempreendimentos.com.br\/sp\/","logo":{"@type":"ImageObject","inLanguage":"pt-BR","@id":"https:\/\/www.mlarempreendimentos.com.br\/sp\/#\/schema\/logo\/image\/","url":"https:\/\/www.mlarempreendimentos.com.br\/sp\/wp-content\/uploads\/sites\/2\/2026\/01\/mlar.jpg","contentUrl":"https:\/\/www.mlarempreendimentos.com.br\/sp\/wp-content\/uploads\/sites\/2\/2026\/01\/mlar.jpg","width":1200,"height":630,"caption":"MLAR Empreendimentos"},"image":{"@id":"https:\/\/www.mlarempreendimentos.com.br\/sp\/#\/schema\/logo\/image\/"}}]}},"acf":[],"_links":{"self":[{"href":"https:\/\/www.mlarempreendimentos.com.br\/sp\/wp-json\/wp\/v2\/pages\/326","targetHints":{"allow":["GET"]}}],"collection":[{"href":"https:\/\/www.mlarempreendimentos.com.br\/sp\/wp-json\/wp\/v2\/pages"}],"about":[{"href":"https:\/\/www.mlarempreendimentos.com.br\/sp\/wp-json\/wp\/v2\/types\/page"}],"author":[{"embeddable":true,"href":"https:\/\/www.mlarempreendimentos.com.br\/sp\/wp-json\/wp\/v2\/users\/1"}],"replies":[{"embeddable":true,"href":"https:\/\/www.mlarempreendimentos.com.br\/sp\/wp-json\/wp\/v2\/comments?post=326"}],"version-history":[{"count":0,"href":"https:\/\/www.mlarempreendimentos.com.br\/sp\/wp-json\/wp\/v2\/pages\/326\/revisions"}],"wp:attachment":[{"href":"https:\/\/www.mlarempreendimentos.com.br\/sp\/wp-json\/wp\/v2\/media?parent=326"}],"curies":[{"name":"wp","href":"https:\/\/api.w.org\/{rel}","templated":true}]}}